{"id":3388,"date":"2020-04-28T19:23:37","date_gmt":"2020-04-28T23:23:37","guid":{"rendered":"https:\/\/popefranciscenter.org\/acerca-del-p-tim-mccabe\/"},"modified":"2025-07-03T09:19:16","modified_gmt":"2025-07-03T13:19:16","slug":"acerca-del-p-tim-mccabe","status":"publish","type":"page","link":"https:\/\/popefranciscenter.org\/es\/quienes-somos\/nuestro-equipo\/acerca-del-p-tim-mccabe\/","title":{"rendered":"Acerca del P. Tim McCabe"},"content":{"rendered":"<p><div class=\"fusion-fullwidth fullwidth-box fusion-builder-row-1 fusion-flex-container has-pattern-background has-mask-background hundred-percent-fullwidth non-hundred-percent-height-scrolling fusion-no-small-visibility\" style=\"--awb-border-radius-top-left:0px;--awb-border-radius-top-right:0px;--awb-border-radius-bottom-right:0px;--awb-border-radius-bottom-left:0px;--awb-padding-top:60px;--awb-padding-right:100px;--awb-padding-bottom:60px;--awb-padding-left:100px;--awb-padding-right-medium:50px;--awb-padding-left-medium:50px;--awb-padding-right-small:50px;--awb-padding-left-small:50px;--awb-flex-wrap:wrap;\" ><div class=\"fusion-builder-row fusion-row fusion-flex-align-items-flex-start fusion-flex-content-wrap\" style=\"width:104% !important;max-width:104% !important;margin-left: calc(-4% \/ 2 );margin-right: calc(-4% \/ 2 );\"><div class=\"fusion-layout-column fusion_builder_column fusion-builder-column-0 fusion_builder_column_2_3 2_3 fusion-flex-column\" style=\"--awb-bg-size:cover;--awb-width-large:66.6666666667%;--awb-margin-top-large:0px;--awb-spacing-right-large:2.88%;--awb-margin-bottom-large:20px;--awb-spacing-left-large:2.88%;--awb-width-medium:66.6666666667%;--awb-order-medium:0;--awb-spacing-right-medium:2.88%;--awb-spacing-left-medium:2.88%;--awb-width-small:100%;--awb-order-small:0;--awb-spacing-right-small:1.92%;--awb-spacing-left-small:1.92%;\"><div class=\"fusion-column-wrapper fusion-column-has-shadow fusion-flex-justify-content-flex-start fusion-content-layout-column\"><div class=\"fusion-text fusion-text-1\"><p>El P. Tim se uni\u00f3 al Pope Francis Center (PFC) como director ejecutivo en 2015 y fue nombrado presidente y director ejecutivo en 2023. <\/p>\n<p>Originario de Ferndale, Michigan, el P. Tim ha defendido a los pobres y marginados durante m\u00e1s de 40 a\u00f1os. El P. Tim se involucr\u00f3 con la comunidad pacifista de Detroit y el Movimiento de Trabajadores Cat\u00f3licos cuando era joven. En una misi\u00f3n de ayuda humanitaria a El Salvador, se sinti\u00f3 atra\u00eddo por sus compa\u00f1eros jesuitas, cuya fe en acci\u00f3n impuls\u00f3 su decisi\u00f3n de asistir a la Universidad de Detroit Mercy, de orientaci\u00f3n jesuita, donde obtuvo una licenciatura en ciencias pol\u00edticas. Se uni\u00f3 al Cuerpo de Voluntarios Jesuitas (JVC), donde se desempe\u00f1\u00f3 como director de la organizaci\u00f3n de servicios humanos para el Medio Oeste durante 12 a\u00f1os. Su trabajo con JVC introdujo al P. Tim en la espiritualidad ignaciana, lo que tuvo un tremendo impacto no solo en c\u00f3mo rezaba, sino tambi\u00e9n en c\u00f3mo entend\u00eda el mundo.       <\/p>\n<p>El P. Tim complet\u00f3 estudios avanzados de filosof\u00eda en la Universidad de Chicago en Loyola y obtuvo una Maestr\u00eda en Divinidad de la Escuela Jesuita de Teolog\u00eda en la Universidad de Santa Clara en Berkeley, California. Fue ordenado sacerdote en junio de 2015.  <\/p>\n<p>Bajo su liderazgo, el Centro de D\u00eda de PFC ha crecido de atender a 50 personas al d\u00eda a una organizaci\u00f3n que brinda comidas nutricionalmente equilibradas, lavander\u00eda, duchas y otros servicios de apoyo a m\u00e1s de 230 personas diariamente.<\/p>\n<p>Decidido a terminar con la falta de vivienda cr\u00f3nica en Detroit, el P. Tim viaj\u00f3 por todo Estados Unidos investigando los mejores modelos para sacar a la gente de las calles y llevarla a viviendas de apoyo permanentes. El resultado de eso fue el Bridge Housing Campus, una instalaci\u00f3n residencial, de servicios integrales y cl\u00ednica m\u00e9dica de 40 millones de d\u00f3lares y 60.000 pies cuadrados que es la primera de su tipo en Michigan. Bridge Housing Campus abri\u00f3 sus puertas a los residentes en septiembre de 2024.   <\/p>\n<\/div><\/div><\/div><div class=\"fusion-layout-column fusion_builder_column fusion-builder-column-1 fusion_builder_column_1_3 1_3 fusion-flex-column\" style=\"--awb-bg-size:cover;--awb-width-large:33.3333333333%;--awb-margin-top-large:0px;--awb-spacing-right-large:5.76%;--awb-margin-bottom-large:20px;--awb-spacing-left-large:5.76%;--awb-width-medium:33.3333333333%;--awb-order-medium:0;--awb-spacing-right-medium:5.76%;--awb-spacing-left-medium:5.76%;--awb-width-small:100%;--awb-order-small:0;--awb-spacing-right-small:1.92%;--awb-spacing-left-small:1.92%;\"><div class=\"fusion-column-wrapper fusion-column-has-shadow fusion-flex-justify-content-flex-start fusion-content-layout-column\"><div class=\"fusion-image-element \" style=\"text-align:center;--awb-caption-title-font-family:var(--h2_typography-font-family);--awb-caption-title-font-weight:var(--h2_typography-font-weight);--awb-caption-title-font-style:var(--h2_typography-font-style);--awb-caption-title-size:var(--h2_typography-font-size);--awb-caption-title-transform:var(--h2_typography-text-transform);--awb-caption-title-line-height:var(--h2_typography-line-height);--awb-caption-title-letter-spacing:var(--h2_typography-letter-spacing);\"><span class=\" fusion-imageframe imageframe-none imageframe-1 hover-type-none\" style=\"border-radius:30px;\"><img decoding=\"async\" width=\"683\" height=\"854\" title=\"Fr. Tim McCabe\" src=\"https:\/\/popefranciscenter.org\/wp-content\/uploads\/2025\/06\/about-father-tim.webp\" alt class=\"img-responsive wp-image-3356\"\/><\/span><\/div><\/div><\/div><\/div><\/div><div class=\"fusion-fullwidth fullwidth-box fusion-builder-row-2 fusion-flex-container has-pattern-background has-mask-background hundred-percent-fullwidth non-hundred-percent-height-scrolling fusion-no-medium-visibility fusion-no-large-visibility\" style=\"--awb-border-radius-top-left:0px;--awb-border-radius-top-right:0px;--awb-border-radius-bottom-right:0px;--awb-border-radius-bottom-left:0px;--awb-padding-top:60px;--awb-padding-right:100px;--awb-padding-bottom:60px;--awb-padding-left:100px;--awb-padding-right-medium:50px;--awb-padding-left-medium:50px;--awb-padding-right-small:50px;--awb-padding-left-small:50px;--awb-flex-wrap:wrap;\" ><div class=\"fusion-builder-row fusion-row fusion-flex-align-items-flex-start fusion-flex-content-wrap\" style=\"width:104% !important;max-width:104% !important;margin-left: calc(-4% \/ 2 );margin-right: calc(-4% \/ 2 );\"><div class=\"fusion-layout-column fusion_builder_column fusion-builder-column-2 fusion_builder_column_1_1 1_1 fusion-flex-column\" style=\"--awb-bg-size:cover;--awb-width-large:100%;--awb-margin-top-large:0px;--awb-spacing-right-large:1.92%;--awb-margin-bottom-large:20px;--awb-spacing-left-large:1.92%;--awb-width-medium:100%;--awb-order-medium:0;--awb-spacing-right-medium:1.92%;--awb-spacing-left-medium:1.92%;--awb-width-small:100%;--awb-order-small:0;--awb-spacing-right-small:1.92%;--awb-spacing-left-small:1.92%;\"><div class=\"fusion-column-wrapper fusion-column-has-shadow fusion-flex-justify-content-flex-start fusion-content-layout-column\"><div class=\"fusion-image-element \" style=\"text-align:center;--awb-margin-bottom-small:30px;--awb-caption-title-font-family:var(--h2_typography-font-family);--awb-caption-title-font-weight:var(--h2_typography-font-weight);--awb-caption-title-font-style:var(--h2_typography-font-style);--awb-caption-title-size:var(--h2_typography-font-size);--awb-caption-title-transform:var(--h2_typography-text-transform);--awb-caption-title-line-height:var(--h2_typography-line-height);--awb-caption-title-letter-spacing:var(--h2_typography-letter-spacing);\"><span class=\" fusion-imageframe imageframe-none imageframe-2 hover-type-none\" style=\"border-radius:30px;\"><img decoding=\"async\" width=\"683\" height=\"854\" title=\"Fr. Tim McCabe\" src=\"https:\/\/popefranciscenter.org\/wp-content\/uploads\/2025\/06\/about-father-tim.webp\" alt class=\"img-responsive wp-image-3356\"\/><\/span><\/div><\/div><\/div><div class=\"fusion-layout-column fusion_builder_column fusion-builder-column-3 fusion_builder_column_1_1 1_1 fusion-flex-column\" style=\"--awb-bg-size:cover;--awb-width-large:100%;--awb-margin-top-large:0px;--awb-spacing-right-large:1.92%;--awb-margin-bottom-large:20px;--awb-spacing-left-large:1.92%;--awb-width-medium:100%;--awb-order-medium:0;--awb-spacing-right-medium:1.92%;--awb-spacing-left-medium:1.92%;--awb-width-small:100%;--awb-order-small:0;--awb-spacing-right-small:1.92%;--awb-spacing-left-small:1.92%;\"><div class=\"fusion-column-wrapper fusion-column-has-shadow fusion-flex-justify-content-flex-start fusion-content-layout-column\"><div class=\"fusion-text fusion-text-2\"><p>El P. Tim se uni\u00f3 al Pope Francis Center (PFC) como director ejecutivo en 2015 y fue nombrado presidente y director ejecutivo en 2023. <\/p>\n<p>Originario de Ferndale, Michigan, el P. Tim ha defendido a los pobres y marginados durante m\u00e1s de 40 a\u00f1os. El P. Tim se involucr\u00f3 con la comunidad pacifista de Detroit y el Movimiento de Trabajadores Cat\u00f3licos cuando era joven. En una misi\u00f3n de ayuda humanitaria a El Salvador, se sinti\u00f3 atra\u00eddo por sus compa\u00f1eros jesuitas, cuya fe en acci\u00f3n impuls\u00f3 su decisi\u00f3n de asistir a la Universidad de Detroit Mercy, de orientaci\u00f3n jesuita, donde obtuvo una licenciatura en ciencias pol\u00edticas. Se uni\u00f3 al Cuerpo de Voluntarios Jesuitas (JVC), donde se desempe\u00f1\u00f3 como director de la organizaci\u00f3n de servicios humanos para el Medio Oeste durante 12 a\u00f1os. Su trabajo con JVC introdujo al P. Tim en la espiritualidad ignaciana, lo que tuvo un tremendo impacto no solo en c\u00f3mo rezaba, sino tambi\u00e9n en c\u00f3mo entend\u00eda el mundo.       <\/p>\n<p>El P. Tim complet\u00f3 estudios avanzados de filosof\u00eda en la Universidad de Chicago en Loyola y obtuvo una Maestr\u00eda en Divinidad de la Escuela Jesuita de Teolog\u00eda en la Universidad de Santa Clara en Berkeley, California. Fue ordenado sacerdote en junio de 2015.  <\/p>\n<p>Bajo su liderazgo, el centro de acogida de PFC ha crecido de atender a 50 personas al d\u00eda a una organizaci\u00f3n que brinda comidas nutricionalmente equilibradas, lavander\u00eda, duchas y otros servicios de apoyo a m\u00e1s de 230 personas diariamente.<\/p>\n<p>Decidido a terminar con la falta de vivienda cr\u00f3nica en Detroit, el P. Tim viaj\u00f3 por todo Estados Unidos investigando los mejores modelos para sacar a la gente de las calles y llevarla a viviendas de apoyo permanentes. El resultado de eso fue el Bridge Housing Campus, una instalaci\u00f3n residencial, de servicios integrales y cl\u00ednica m\u00e9dica de 40 millones de d\u00f3lares y 60.000 pies cuadrados que es la primera de su tipo en Michigan. Bridge Housing Campus abri\u00f3 sus puertas a los residentes en septiembre de 2024.<\/p>\n<\/div><\/div><\/div><\/div><\/div><\/p>\n","protected":false},"excerpt":{"rendered":"","protected":false},"author":7,"featured_media":0,"parent":3400,"menu_order":0,"comment_status":"closed","ping_status":"closed","template":"100-width.php","meta":{"footnotes":""},"class_list":["post-3388","page","type-page","status-publish","hentry"],"yoast_head":"<!-- This site is optimized with the Yoast SEO plugin v27.5 - https:\/\/yoast.com\/product\/yoast-seo-wordpress\/ -->\n<title>Acerca del P. Tim McCabe - Pope Francis Center<\/title>\n<meta name=\"robots\" content=\"index, follow, max-snippet:-1, max-image-preview:large, max-video-preview:-1\" \/>\n<link rel=\"canonical\" href=\"https:\/\/popefranciscenter.org\/es\/quienes-somos\/nuestro-equipo\/acerca-del-p-tim-mccabe\/\" \/>\n<meta property=\"og:locale\" content=\"es_ES\" \/>\n<meta property=\"og:type\" content=\"article\" \/>\n<meta property=\"og:title\" content=\"Acerca del P. Tim McCabe - Pope Francis Center\" \/>\n<meta property=\"og:url\" content=\"https:\/\/popefranciscenter.org\/es\/quienes-somos\/nuestro-equipo\/acerca-del-p-tim-mccabe\/\" \/>\n<meta property=\"og:site_name\" content=\"Pope Francis Center\" \/>\n<meta property=\"article:publisher\" content=\"https:\/\/www.facebook.com\/popefranciscenter\" \/>\n<meta property=\"article:modified_time\" content=\"2025-07-03T13:19:16+00:00\" \/>\n<meta name=\"twitter:card\" content=\"summary_large_image\" \/>\n<meta name=\"twitter:label1\" content=\"Est. reading time\" \/>\n\t<meta name=\"twitter:data1\" content=\"14 minutos\" \/>\n<script type=\"application\/ld+json\" class=\"yoast-schema-graph\">{\"@context\":\"https:\\\/\\\/schema.org\",\"@graph\":[{\"@type\":\"WebPage\",\"@id\":\"https:\\\/\\\/popefranciscenter.org\\\/es\\\/quienes-somos\\\/nuestro-equipo\\\/acerca-del-p-tim-mccabe\\\/\",\"url\":\"https:\\\/\\\/popefranciscenter.org\\\/es\\\/quienes-somos\\\/nuestro-equipo\\\/acerca-del-p-tim-mccabe\\\/\",\"name\":\"Acerca del P. Tim McCabe - Pope Francis Center\",\"isPartOf\":{\"@id\":\"https:\\\/\\\/popefranciscenter.org\\\/es\\\/#website\"},\"datePublished\":\"2020-04-28T23:23:37+00:00\",\"dateModified\":\"2025-07-03T13:19:16+00:00\",\"breadcrumb\":{\"@id\":\"https:\\\/\\\/popefranciscenter.org\\\/es\\\/quienes-somos\\\/nuestro-equipo\\\/acerca-del-p-tim-mccabe\\\/#breadcrumb\"},\"inLanguage\":\"es\",\"potentialAction\":[{\"@type\":\"ReadAction\",\"target\":[\"https:\\\/\\\/popefranciscenter.org\\\/es\\\/quienes-somos\\\/nuestro-equipo\\\/acerca-del-p-tim-mccabe\\\/\"]}]},{\"@type\":\"BreadcrumbList\",\"@id\":\"https:\\\/\\\/popefranciscenter.org\\\/es\\\/quienes-somos\\\/nuestro-equipo\\\/acerca-del-p-tim-mccabe\\\/#breadcrumb\",\"itemListElement\":[{\"@type\":\"ListItem\",\"position\":1,\"name\":\"Home\",\"item\":\"https:\\\/\\\/popefranciscenter.org\\\/es\\\/\"},{\"@type\":\"ListItem\",\"position\":2,\"name\":\"Qui\u00e9nes somos\",\"item\":\"https:\\\/\\\/popefranciscenter.org\\\/es\\\/quienes-somos\\\/\"},{\"@type\":\"ListItem\",\"position\":3,\"name\":\"Nuestro equipo\",\"item\":\"https:\\\/\\\/popefranciscenter.org\\\/es\\\/quienes-somos\\\/nuestro-equipo\\\/\"},{\"@type\":\"ListItem\",\"position\":4,\"name\":\"Acerca del P. Tim McCabe\"}]},{\"@type\":\"WebSite\",\"@id\":\"https:\\\/\\\/popefranciscenter.org\\\/es\\\/#website\",\"url\":\"https:\\\/\\\/popefranciscenter.org\\\/es\\\/\",\"name\":\"Pope Francis Center\",\"description\":\"Feeding. Serving. Empowering.\",\"publisher\":{\"@id\":\"https:\\\/\\\/popefranciscenter.org\\\/es\\\/#organization\"},\"potentialAction\":[{\"@type\":\"SearchAction\",\"target\":{\"@type\":\"EntryPoint\",\"urlTemplate\":\"https:\\\/\\\/popefranciscenter.org\\\/es\\\/?s={search_term_string}\"},\"query-input\":{\"@type\":\"PropertyValueSpecification\",\"valueRequired\":true,\"valueName\":\"search_term_string\"}}],\"inLanguage\":\"es\"},{\"@type\":\"Organization\",\"@id\":\"https:\\\/\\\/popefranciscenter.org\\\/es\\\/#organization\",\"name\":\"Centro Papa Francisco\",\"url\":\"https:\\\/\\\/popefranciscenter.org\\\/es\\\/\",\"logo\":{\"@type\":\"ImageObject\",\"inLanguage\":\"es\",\"@id\":\"https:\\\/\\\/popefranciscenter.org\\\/es\\\/#\\\/schema\\\/logo\\\/image\\\/\",\"url\":\"https:\\\/\\\/popefranciscenter.org\\\/wp-content\\\/uploads\\\/2025\\\/02\\\/PFC-Logo-Color.png\",\"contentUrl\":\"https:\\\/\\\/popefranciscenter.org\\\/wp-content\\\/uploads\\\/2025\\\/02\\\/PFC-Logo-Color.png\",\"width\":600,\"height\":378,\"caption\":\"Centro Papa Francisco\"},\"image\":{\"@id\":\"https:\\\/\\\/popefranciscenter.org\\\/es\\\/#\\\/schema\\\/logo\\\/image\\\/\"},\"sameAs\":[\"https:\\\/\\\/www.facebook.com\\\/popefranciscenter\",\"https:\\\/\\\/www.instagram.com\\\/popefranciscenter\\\/\",\"https:\\\/\\\/www.youtube.com\\\/@popefranciscenter\\\/\",\"https:\\\/\\\/www.linkedin.com\\\/company\\\/pope-francis-center\\\/\"]}]}<\/script>\n<!-- \/ Yoast SEO plugin. -->","yoast_head_json":{"title":"Acerca del P. Tim McCabe - Pope Francis Center","robots":{"index":"index","follow":"follow","max-snippet":"max-snippet:-1","max-image-preview":"max-image-preview:large","max-video-preview":"max-video-preview:-1"},"canonical":"https:\/\/popefranciscenter.org\/es\/quienes-somos\/nuestro-equipo\/acerca-del-p-tim-mccabe\/","og_locale":"es_ES","og_type":"article","og_title":"Acerca del P. Tim McCabe - Pope Francis Center","og_url":"https:\/\/popefranciscenter.org\/es\/quienes-somos\/nuestro-equipo\/acerca-del-p-tim-mccabe\/","og_site_name":"Pope Francis Center","article_publisher":"https:\/\/www.facebook.com\/popefranciscenter","article_modified_time":"2025-07-03T13:19:16+00:00","twitter_card":"summary_large_image","twitter_misc":{"Est. reading time":"14 minutos"},"schema":{"@context":"https:\/\/schema.org","@graph":[{"@type":"WebPage","@id":"https:\/\/popefranciscenter.org\/es\/quienes-somos\/nuestro-equipo\/acerca-del-p-tim-mccabe\/","url":"https:\/\/popefranciscenter.org\/es\/quienes-somos\/nuestro-equipo\/acerca-del-p-tim-mccabe\/","name":"Acerca del P. Tim McCabe - Pope Francis Center","isPartOf":{"@id":"https:\/\/popefranciscenter.org\/es\/#website"},"datePublished":"2020-04-28T23:23:37+00:00","dateModified":"2025-07-03T13:19:16+00:00","breadcrumb":{"@id":"https:\/\/popefranciscenter.org\/es\/quienes-somos\/nuestro-equipo\/acerca-del-p-tim-mccabe\/#breadcrumb"},"inLanguage":"es","potentialAction":[{"@type":"ReadAction","target":["https:\/\/popefranciscenter.org\/es\/quienes-somos\/nuestro-equipo\/acerca-del-p-tim-mccabe\/"]}]},{"@type":"BreadcrumbList","@id":"https:\/\/popefranciscenter.org\/es\/quienes-somos\/nuestro-equipo\/acerca-del-p-tim-mccabe\/#breadcrumb","itemListElement":[{"@type":"ListItem","position":1,"name":"Home","item":"https:\/\/popefranciscenter.org\/es\/"},{"@type":"ListItem","position":2,"name":"Qui\u00e9nes somos","item":"https:\/\/popefranciscenter.org\/es\/quienes-somos\/"},{"@type":"ListItem","position":3,"name":"Nuestro equipo","item":"https:\/\/popefranciscenter.org\/es\/quienes-somos\/nuestro-equipo\/"},{"@type":"ListItem","position":4,"name":"Acerca del P. Tim McCabe"}]},{"@type":"WebSite","@id":"https:\/\/popefranciscenter.org\/es\/#website","url":"https:\/\/popefranciscenter.org\/es\/","name":"Pope Francis Center","description":"Feeding. Serving. Empowering.","publisher":{"@id":"https:\/\/popefranciscenter.org\/es\/#organization"},"potentialAction":[{"@type":"SearchAction","target":{"@type":"EntryPoint","urlTemplate":"https:\/\/popefranciscenter.org\/es\/?s={search_term_string}"},"query-input":{"@type":"PropertyValueSpecification","valueRequired":true,"valueName":"search_term_string"}}],"inLanguage":"es"},{"@type":"Organization","@id":"https:\/\/popefranciscenter.org\/es\/#organization","name":"Centro Papa Francisco","url":"https:\/\/popefranciscenter.org\/es\/","logo":{"@type":"ImageObject","inLanguage":"es","@id":"https:\/\/popefranciscenter.org\/es\/#\/schema\/logo\/image\/","url":"https:\/\/popefranciscenter.org\/wp-content\/uploads\/2025\/02\/PFC-Logo-Color.png","contentUrl":"https:\/\/popefranciscenter.org\/wp-content\/uploads\/2025\/02\/PFC-Logo-Color.png","width":600,"height":378,"caption":"Centro Papa Francisco"},"image":{"@id":"https:\/\/popefranciscenter.org\/es\/#\/schema\/logo\/image\/"},"sameAs":["https:\/\/www.facebook.com\/popefranciscenter","https:\/\/www.instagram.com\/popefranciscenter\/","https:\/\/www.youtube.com\/@popefranciscenter\/","https:\/\/www.linkedin.com\/company\/pope-francis-center\/"]}]}},"_links":{"self":[{"href":"https:\/\/popefranciscenter.org\/es\/wp-json\/wp\/v2\/pages\/3388","targetHints":{"allow":["GET"]}}],"collection":[{"href":"https:\/\/popefranciscenter.org\/es\/wp-json\/wp\/v2\/pages"}],"about":[{"href":"https:\/\/popefranciscenter.org\/es\/wp-json\/wp\/v2\/types\/page"}],"author":[{"embeddable":true,"href":"https:\/\/popefranciscenter.org\/es\/wp-json\/wp\/v2\/users\/7"}],"replies":[{"embeddable":true,"href":"https:\/\/popefranciscenter.org\/es\/wp-json\/wp\/v2\/comments?post=3388"}],"version-history":[{"count":0,"href":"https:\/\/popefranciscenter.org\/es\/wp-json\/wp\/v2\/pages\/3388\/revisions"}],"up":[{"embeddable":true,"href":"https:\/\/popefranciscenter.org\/es\/wp-json\/wp\/v2\/pages\/3400"}],"wp:attachment":[{"href":"https:\/\/popefranciscenter.org\/es\/wp-json\/wp\/v2\/media?parent=3388"}],"curies":[{"name":"wp","href":"https:\/\/api.w.org\/{rel}","templated":true}]}}